{"id":298,"date":"2023-01-18T18:16:35","date_gmt":"2023-01-18T17:16:35","guid":{"rendered":"https:\/\/fournil-festinalente.fr\/?page_id=298"},"modified":"2023-11-27T00:47:06","modified_gmt":"2023-11-26T23:47:06","slug":"les-pains-et-autres","status":"publish","type":"page","link":"https:\/\/fournil-festinalente.fr\/index.php\/les-pains-et-autres\/","title":{"rendered":"Les pains et autres petites choses&#8230;"},"content":{"rendered":"\n\n\t<h1><strong>Les pains&#8230;<\/strong><\/h1>\n\t<h5>Voici la gamme des pains que je vous propose. Les farines sont moulues sur meule en silex et proviennent du moulin Marty de Moyraz\u00e8s. Tout les pains sont ensemenc\u00e9s au levain, p\u00e9tris \u00e0 la main, ferment\u00e9s entre 24 et 18 heures et cuit au four \u00e0 bois.<\/h5>\n\t\t\t\t<a href=\"https:\/\/fournil-festinalente.fr\/wp-content\/uploads\/2023\/01\/meule.jpg\" target=\"_self\" itemprop=\"url\" rel=\"noopener\">\n\t\t\t\t<img loading=\"lazy\" decoding=\"async\" src=\"https:\/\/fournil-festinalente.fr\/wp-content\/uploads\/2023\/01\/meule.jpg\" alt=\"pain de meule\" itemprop=\"image\" height=\"500\" width=\"500\" title=\"pain de meule\" onerror=\"this.style.display='none'\"  \/>\n\t\t\t\t<\/a>\n\t<h6><strong>Pain de meule<\/strong><\/h6>\n<h6>AU LEVAIN<br \/>\n100% FARINE DE MEULE<br \/>\n<\/h6>\nFarine de meule bio<br \/>\nSel de mer\nPain long<br \/>\n(taille et poids variable)\n\t\t\t\t<a href=\"https:\/\/fournil-festinalente.fr\/wp-content\/uploads\/2023\/01\/campagne.jpg\" target=\"_self\" itemprop=\"url\" rel=\"noopener\">\n\t\t\t\t<img loading=\"lazy\" decoding=\"async\" src=\"https:\/\/fournil-festinalente.fr\/wp-content\/uploads\/2023\/01\/campagne.jpg\" alt=\"campagne\" itemprop=\"image\" height=\"500\" width=\"500\" title=\"campagne\" onerror=\"this.style.display='none'\"  \/>\n\t\t\t\t<\/a>\n\t<h6><strong>Pain de campagne<\/strong><\/h6>\n<h6>AU LEVAIN<\/h6>\n<br \/>\nFarine de meule bio<br \/>\nFarine de seigle bio (20%)<br \/>\nSel de mer\nBoule<br \/>\n(environ 900g)\n\t\t\t\t<a href=\"https:\/\/fournil-festinalente.fr\/wp-content\/uploads\/2023\/01\/gaine.jpg\" target=\"_self\" itemprop=\"url\" rel=\"noopener\">\n\t\t\t\t<img loading=\"lazy\" decoding=\"async\" src=\"https:\/\/fournil-festinalente.fr\/wp-content\/uploads\/2023\/01\/gaine.jpg\" alt=\"pain aux graines de lin\" itemprop=\"image\" height=\"500\" width=\"500\" title=\"pain aux graines de lin\" onerror=\"this.style.display='none'\"  \/>\n\t\t\t\t<\/a>\n\t<h6><strong>Pain aux graines<br \/>\n<\/strong><\/h6>\n<h6>AU LEVAIN<br \/>\nGRAINES PRE-FERMENT\u00c9ES<br \/>\n<\/h6>\nFarine de meule bio<br \/>\nGraines de lin brun et dor\u00e9s bio<br \/>\nSel de mer\nBoule<br \/>\n(environ 900g)\n\t\t\t\t<a href=\"https:\/\/fournil-festinalente.fr\/wp-content\/uploads\/2023\/01\/meteil.jpg\" target=\"_self\" itemprop=\"url\" rel=\"noopener\">\n\t\t\t\t<img loading=\"lazy\" decoding=\"async\" src=\"https:\/\/fournil-festinalente.fr\/wp-content\/uploads\/2023\/01\/meteil.jpg\" alt=\"pain de m\u00e9teil\" itemprop=\"image\" height=\"500\" width=\"500\" title=\"pain de m\u00e9teil\" onerror=\"this.style.display='none'\"  \/>\n\t\t\t\t<\/a>\n\t<h6><strong>Pain de m\u00e9teil<\/strong><\/h6>\n<h6>AU LEVAIN<br \/>\n50% BL\u00c9 &#8211; 50% SEIGLE <br \/>\n<\/h6>\nFarine de meule bio (50%)<br \/>\nFarine de seigle bio (50%)<br \/>\nSel de mer\nBoule<br \/>\n(environ 900g)\n\t\t\t\t<a href=\"https:\/\/fournil-festinalente.fr\/wp-content\/uploads\/2023\/01\/complet.jpg\" target=\"_self\" itemprop=\"url\" rel=\"noopener\">\n\t\t\t\t<img loading=\"lazy\" decoding=\"async\" src=\"https:\/\/fournil-festinalente.fr\/wp-content\/uploads\/2023\/01\/complet.jpg\" alt=\"Pain complet\" itemprop=\"image\" height=\"500\" width=\"500\" title=\"Pain complet\" onerror=\"this.style.display='none'\"  \/>\n\t\t\t\t<\/a>\n\t<h6><strong>Pain complet<br \/>\n<\/strong><\/h6>\n<h6>AU LEVAIN<br \/>\nSON PRE-FERMENTES<br \/>\n<\/h6>\nFarine de meule bio<br \/>\nSon ferment\u00e9 bio<br \/>\nSel de mer\nBatard<br \/>\n(environ 900g)\n\t\t\t\t<img loading=\"lazy\" decoding=\"async\" src=\"https:\/\/fournil-festinalente.fr\/wp-content\/uploads\/2023\/01\/logo-4.png\" alt=\"logo-4\" itemprop=\"image\" height=\"1200\" width=\"1200\" title=\"logo-4\" onerror=\"this.style.display='none'\"  \/>\n\t<h6><strong>Pain noisettes\/raisins<br \/>\n<\/strong><\/h6>\n<h6>AU LEVAIN<br \/>\n<strong>SUR COMMANDE<\/strong><br \/>\n<\/h6>\nFarine de meule<br \/>\nNoisettes de Flagnac<br \/>\nRaisins sec r\u00e9hydrat\u00e9<br \/>\nSel de mer\nPetit pain<br \/>\n(environ 500g)\n\t\t\t\t<a href=\"https:\/\/fournil-festinalente.fr\/wp-content\/uploads\/2023\/01\/logo-4.png\" target=\"_self\" itemprop=\"url\" rel=\"noopener\">\n\t\t\t\t<img loading=\"lazy\" decoding=\"async\" src=\"https:\/\/fournil-festinalente.fr\/wp-content\/uploads\/2023\/01\/logo-4.png\" alt=\"logo-4\" itemprop=\"image\" height=\"1200\" width=\"1200\" title=\"logo-4\" onerror=\"this.style.display='none'\"  \/>\n\t\t\t\t<\/a>\n\t<h6><strong>Pain aux noix<br \/>\n<\/strong><\/h6>\n<h6>AU LEVAIN<br \/>\n<strong>SUR COMMANDE<\/strong><br \/>\n<\/h6>\nFarine de meule<br \/>\nNoix de Flagnac<br \/>\nSel de mer\nPetit pain<br \/>\n(environ 500g)\n\t\t\t\t<a href=\"https:\/\/fournil-festinalente.fr\/wp-content\/uploads\/2023\/01\/petit-epautre.jpg\" target=\"_self\" itemprop=\"url\" rel=\"noopener\">\n\t\t\t\t<img loading=\"lazy\" decoding=\"async\" src=\"https:\/\/fournil-festinalente.fr\/wp-content\/uploads\/2023\/01\/petit-epautre.jpg\" alt=\"petit-epautre\" itemprop=\"image\" height=\"500\" width=\"500\" title=\"petit-epautre\" onerror=\"this.style.display='none'\"  \/>\n\t\t\t\t<\/a>\n\t<h6><strong>Pain de petit \u00e9peautre<br \/>\n<\/strong><\/h6>\n<h6>AU LEVAIN<br \/>\n<strong>SUR COMMANDE<\/strong><br \/>\n<\/h6>\nFarine de petit \u00e9peautre bio<br \/>\nSel de mer\nPain moul\u00e9<br \/>\n(environ 500g)\n\t<h1><strong>&#8230;d&#8217;autres petites choses&#8230;<br \/>\n<\/strong><\/h1>\n\t\t\t\t<a href=\"https:\/\/fournil-festinalente.fr\/wp-content\/uploads\/2023\/01\/rissole.jpg\" target=\"_self\" itemprop=\"url\" rel=\"noopener\">\n\t\t\t\t<img loading=\"lazy\" decoding=\"async\" src=\"https:\/\/fournil-festinalente.fr\/wp-content\/uploads\/2023\/01\/rissole.jpg\" alt=\"rissole\" itemprop=\"image\" height=\"500\" width=\"500\" title=\"rissole\" onerror=\"this.style.display='none'\"  \/>\n\t\t\t\t<\/a>\n\t<h6><strong>Rissoles<br \/>\naux pruneaux<br \/>\n\u00e0 la pomme\/canelle<br \/>\n<\/strong><\/h6>\n<p>&nbsp;<\/p>\n\t\t\t\t<img loading=\"lazy\" decoding=\"async\" src=\"https:\/\/fournil-festinalente.fr\/wp-content\/uploads\/2023\/01\/logo-4.png\" alt=\"logo-4\" itemprop=\"image\" height=\"1200\" width=\"1200\" title=\"logo-4\" onerror=\"this.style.display='none'\"  \/>\n\t<h6><strong>Fouace au beurre<br \/>\n<\/strong><\/h6>\n<h6>AU LEVAIN<\/h6>\n\t\t\t\t<a href=\"https:\/\/fournil-festinalente.fr\/wp-content\/uploads\/2023\/01\/logo-4.png\" target=\"_self\" itemprop=\"url\" rel=\"noopener\">\n\t\t\t\t<img loading=\"lazy\" decoding=\"async\" src=\"https:\/\/fournil-festinalente.fr\/wp-content\/uploads\/2023\/01\/logo-4.png\" alt=\"logo-4\" itemprop=\"image\" height=\"1200\" width=\"1200\" title=\"logo-4\" onerror=\"this.style.display='none'\"  \/>\n\t\t\t\t<\/a>\n\t<h6><strong>Tartelette<br \/>\n<\/strong><\/h6>\n<h6>CRUMBLE fruits rouge<br \/>\nCRUMBLE pomme canelle<br \/>\n<\/h6>\n<h4>TATIN<br \/>\n<\/h4>\n<h6><strong>\u00a0<\/strong><\/h6>\n\t\t\t\t<a href=\"https:\/\/fournil-festinalente.fr\/wp-content\/uploads\/2023\/01\/logo-4.png\" target=\"_self\" itemprop=\"url\" rel=\"noopener\">\n\t\t\t\t<img loading=\"lazy\" decoding=\"async\" src=\"https:\/\/fournil-festinalente.fr\/wp-content\/uploads\/2023\/01\/logo-4.png\" alt=\"logo-4\" itemprop=\"image\" height=\"1200\" width=\"1200\" title=\"logo-4\" onerror=\"this.style.display='none'\"  \/>\n\t\t\t\t<\/a>\n\t<h6><strong>\u00c9chaud\u00e9s \u00e0 l&#8217;anis<\/strong><\/h6>\n\n","protected":false},"excerpt":{"rendered":"<p>Les pains&#8230; Voici la gamme des pains que je vous propose. Les farines sont moulues sur meule en silex et proviennent du moulin Marty de Moyraz\u00e8s. Tout les pains sont ensemenc\u00e9s au levain, p\u00e9tris \u00e0 la main, ferment\u00e9s entre 24 et 18 heures et cuit au four \u00e0 bois. Pain [&hellip;]<\/p>\n","protected":false},"author":1,"featured_media":378,"parent":0,"menu_order":0,"comment_status":"closed","ping_status":"closed","template":"","meta":{"_themeisle_gutenberg_block_has_review":false,"footnotes":""},"class_list":["post-298","page","type-page","status-publish","has-post-thumbnail","hentry"],"_links":{"self":[{"href":"https:\/\/fournil-festinalente.fr\/index.php\/wp-json\/wp\/v2\/pages\/298","targetHints":{"allow":["GET"]}}],"collection":[{"href":"https:\/\/fournil-festinalente.fr\/index.php\/wp-json\/wp\/v2\/pages"}],"about":[{"href":"https:\/\/fournil-festinalente.fr\/index.php\/wp-json\/wp\/v2\/types\/page"}],"author":[{"embeddable":true,"href":"https:\/\/fournil-festinalente.fr\/index.php\/wp-json\/wp\/v2\/users\/1"}],"replies":[{"embeddable":true,"href":"https:\/\/fournil-festinalente.fr\/index.php\/wp-json\/wp\/v2\/comments?post=298"}],"version-history":[{"count":114,"href":"https:\/\/fournil-festinalente.fr\/index.php\/wp-json\/wp\/v2\/pages\/298\/revisions"}],"predecessor-version":[{"id":650,"href":"https:\/\/fournil-festinalente.fr\/index.php\/wp-json\/wp\/v2\/pages\/298\/revisions\/650"}],"wp:featuredmedia":[{"embeddable":true,"href":"https:\/\/fournil-festinalente.fr\/index.php\/wp-json\/wp\/v2\/media\/378"}],"wp:attachment":[{"href":"https:\/\/fournil-festinalente.fr\/index.php\/wp-json\/wp\/v2\/media?parent=298"}],"curies":[{"name":"wp","href":"https:\/\/api.w.org\/{rel}","templated":true}]}}